{"id":3361,"date":"2023-03-31T10:05:40","date_gmt":"2023-03-31T08:05:40","guid":{"rendered":"https:\/\/calvialovale.com\/?page_id=3361"},"modified":"2025-12-03T09:11:25","modified_gmt":"2025-12-03T08:11:25","slug":"establecimientos-adheridos","status":"publish","type":"page","link":"https:\/\/calvialovale.com\/es\/establecimientos-adheridos\/","title":{"rendered":"Establecimientos adheridos"},"content":{"rendered":"<div class=\"fusion-fullwidth fullwidth-box fusion-builder-row-1 fusion-flex-container has-pattern-background has-mask-background nonhundred-percent-fullwidth non-hundred-percent-height-scrolling\" style=\"background-color: rgba(255,255,255,0);background-position: center center;background-repeat: no-repeat;border-width: 0px 0px 0px 0px;border-color:#eae9e9;border-style:solid;\" ><div class=\"fusion-builder-row fusion-row fusion-flex-align-items-flex-start\" style=\"max-width:1144px;margin-left: calc(-4% \/ 2 );margin-right: calc(-4% \/ 2 );\"><div class=\"fusion-layout-column fusion_builder_column fusion-builder-column-0 fusion_builder_column_1_1 1_1 fusion-flex-column\"><div class=\"fusion-column-wrapper fusion-flex-justify-content-flex-start fusion-content-layout-column\" style=\"background-position:left top;background-repeat:no-repeat;-webkit-background-size:cover;-moz-background-size:cover;-o-background-size:cover;background-size:cover;padding: 0px 0px 0px 0px;\"><div class=\"fusion-builder-row fusion-builder-row-inner fusion-row fusion-flex-align-items-flex-start\" style=\"width:104% !important;max-width:104% !important;margin-left: calc(-4% \/ 2 );margin-right: calc(-4% \/ 2 );\"><div class=\"fusion-layout-column fusion_builder_column_inner fusion-builder-nested-column-0 fusion_builder_column_inner_2_5 2_5 fusion-flex-column fusion-flex-align-self-stretch\"><div class=\"fusion-column-wrapper fusion-flex-justify-content-center fusion-content-layout-column\" style=\"background-position:center center;background-repeat:no-repeat;-webkit-background-size:cover;-moz-background-size:cover;-o-background-size:cover;background-size:cover;padding: 0px 0px 0px 0px;\"><div style=\"text-align:center;\"><span class=\" fusion-imageframe imageframe-none imageframe-1 hover-type-zoomin\"><img decoding=\"async\" width=\"500\" height=\"500\" title=\"scan-07\" src=\"https:\/\/calvialovale.com\/wp-content\/uploads\/2024\/10\/scan-07.svg\" alt class=\"img-responsive wp-image-3802\"\/><\/span><\/div><\/div><style type=\"text\/css\">.fusion-body .fusion-builder-nested-column-0{width:40% !important;margin-top : 0px;margin-bottom : 0px;}.fusion-builder-nested-column-0 > .fusion-column-wrapper {padding-top : 0px !important;padding-right : 0px !important;margin-right : 0px;padding-bottom : 0px !important;padding-left : 0px !important;margin-left : 0px;}@media only screen and (max-width:1024px) {.fusion-body .fusion-builder-nested-column-0{width:50% !important;order : 0;}.fusion-builder-nested-column-0 > .fusion-column-wrapper {margin-right : 0px;margin-left : 0px;}}@media only screen and (max-width:640px) {.fusion-body .fusion-builder-nested-column-0{width:100% !important;order : 0;}.fusion-builder-nested-column-0 > .fusion-column-wrapper {padding-top : 100px !important;margin-right : 1.92%;padding-bottom : 100px !important;margin-left : 1.92%;}}<\/style><\/div><div class=\"fusion-layout-column fusion_builder_column_inner fusion-builder-nested-column-1 fusion_builder_column_inner_3_5 3_5 fusion-flex-column fusion-flex-align-self-stretch\"><div class=\"fusion-column-wrapper fusion-flex-justify-content-space-between fusion-content-layout-column\" style=\"background-position:left top;background-repeat:no-repeat;-webkit-background-size:cover;-moz-background-size:cover;-o-background-size:cover;background-size:cover;background-color:var(--awb-color6);padding: 36px 36px 36px 36px;\"><div class=\"fusion-separator fusion-no-small-visibility fusion-full-width-sep\" style=\"align-self: center;margin-left: auto;margin-right: auto;margin-top:70px;margin-bottom:70px;width:100%;\"><div class=\"fusion-separator-border sep-double\" style=\"border-color:#e0dede;border-top-width:0px;border-bottom-width:0px;\"><\/div><\/div><style type=\"text\/css\">@media only screen and (max-width:1024px) {.fusion-title.fusion-title-1{margin-top:10px!important; margin-right:0px!important;margin-bottom:5px!important;margin-left:0px!important;}}@media only screen and (max-width:640px) {.fusion-title.fusion-title-1{margin-top:10px!important; margin-right:0px!important;margin-bottom:10px!important; margin-left:0px!important;}}<\/style><div class=\"fusion-title title fusion-title-1 fusion-title-text fusion-title-size-div\" style=\"font-size:18px;margin-top:10px;margin-right:0px;margin-bottom:5px;margin-left:0px;\"><div class=\"title-sep-container title-sep-container-left fusion-no-large-visibility fusion-no-medium-visibility fusion-no-small-visibility\"><div class=\"title-sep sep-double sep-solid\" style=\"border-color:#e0dede;\"><\/div><\/div><span class=\"awb-title-spacer fusion-no-large-visibility fusion-no-medium-visibility fusion-no-small-visibility\"><\/span><div class=\"title-heading-left title-heading-tag\" style=\"font-family:&quot;Work Sans&quot;;font-weight:400;margin:0;font-size:1em;letter-spacing:1px;text-transform:uppercase;color:#f9f9fb;line-height:18px;\">Descubre qu\u00e9 establecimientos se han adherido a la campa\u00f1a.<\/div><span class=\"awb-title-spacer\"><\/span><div class=\"title-sep-container title-sep-container-right\"><div class=\"title-sep sep-double sep-solid\" style=\"border-color:#e0dede;\"><\/div><\/div><\/div><div class=\"fusion-separator fusion-no-small-visibility fusion-full-width-sep\" style=\"align-self: center;margin-left: auto;margin-right: auto;margin-top:20px;margin-bottom:20px;width:100%;\"><div class=\"fusion-separator-border sep-double\" style=\"border-color:#e0dede;border-top-width:0px;border-bottom-width:0px;\"><\/div><\/div><\/div><style type=\"text\/css\">.fusion-body .fusion-builder-nested-column-1{width:60% !important;margin-top : 0px;margin-bottom : 0px;}.fusion-builder-nested-column-1 > .fusion-column-wrapper {padding-top : 36px !important;padding-right : 36px !important;margin-right : 0px;padding-bottom : 36px !important;padding-left : 36px !important;margin-left : 0px;}@media only screen and (max-width:1024px) {.fusion-body .fusion-builder-nested-column-1{width:50% !important;order : 0;}.fusion-builder-nested-column-1 > .fusion-column-wrapper {margin-right : 0px;margin-left : 0px;}}@media only screen and (max-width:640px) {.fusion-body .fusion-builder-nested-column-1{width:100% !important;order : 0;}.fusion-builder-nested-column-1 > .fusion-column-wrapper {margin-right : 1.92%;margin-left : 1.92%;}}<\/style><\/div><\/div><link rel='stylesheet' id='establecimientosAdheridos'  href='\/wp-content\/themes\/Avada-Child-Theme\/css\/establecimientosAdheridos.css' type='text\/css' media='all' \/><h1 style='text-align:center;color:#e40e34;'>Wp json wp v2 pages 3361<\/h1><div class=\"buscador\" style=\"text-align: center\"><select id=\"categorias\" style=\"width: fit-content;max-width:100%;text-align: center; color: #000;display:inline-block;height: 30px; margin-bottom:20px\"><option value=\"\">Categories\/Categor\u00edas<\/option><option value=\"1\">ALIMENTACI\u00d3 \/ ALIMENTACI\u00d3N<\/option><option value=\"2\">BELLESA I CURA PERSONAL \/ BELLEZA Y CUIDADO PERSONAL <\/option><option value=\"3\">CAL\u00c7AT I PELL \/ CALZADO Y PIEL<\/option><option value=\"6\">ESPORTS \/ DEPORTES<\/option><option value=\"9\">FERRETERIES \/ FERRETER\u00cdAS<\/option><option value=\"13\">LLAR \/ HOGAR<\/option><option value=\"15\">JOIES I BIJUTERIA \/ JOYAS Y BISUTERIA<\/option><option value=\"19\">MASCOTES \/ MASCOTAS<\/option><option value=\"20\">MERCERIES \/ MERCER\u00cdAS<\/option><option value=\"21\">MODA I COMPLEMENTS \/ MODA Y COMPLEMENTOS<\/option><option value=\"23\">MOBLES I DECORACI\u00d3 \/ MUEBLES I DECORACI\u00d3N<\/option><option value=\"24\">OCI \/ OCIO<\/option><option value=\"25\">\u00d2PTIQUES \/ \u00d3PTICAS<\/option><option value=\"27\">REGALS \/ REGALOS<\/option><option value=\"33\">ALTRES \/ OTROS<\/option><\/select>     <input style=\"display:inline-block;min-width: 150px;width: 25%;height: 30px; margin-bottom:20px\" placeholder=\"Nom\" type=\"text\" id=\"search\">\n    <input style=\"display:inline-block;width: 55px;height: 30px; margin-bottom:20px\" type=\"button\" value=\"Buscar\" onclick=\"search(document.getElementById('search').value)\">\n\n    <script>\n        jQuery('#categorias').on('change', function(e){\n            var itemsel = jQuery(this).val();\n            if ( itemsel == ''){\n                jQuery( \".establecimiento\" ).show();\n                jQuery( \".total\" ).show();\n            }else{\n                jQuery( \".establecimiento\" ).hide();\n                jQuery( \".c\"+itemsel ).show();\n                jQuery( \".total\" ).hide();\n            }\n\n        });\n        jQuery('#municipio').on('change', function(e){\n            var itemsel = jQuery(this).val();\n            if ( itemsel == ''){\n                jQuery( \".establecimiento\" ).show();\n                jQuery( \".total\" ).show();\n            }else{\n                jQuery( \".establecimiento\" ).hide();\n                jQuery( \".m\"+itemsel ).show();\n                jQuery( \".total\" ).hide();\n            }\n\n        });\n        jQuery('#islas').on('change', function(e){\n            var itemsel = jQuery(this).val();\n            if ( itemsel == ''){\n                jQuery( \".establecimiento\" ).show();\n                jQuery( \".total\" ).show();\n            }else{\n                jQuery( \".establecimiento\" ).hide();\n                jQuery( \".\"+itemsel ).show();\n                jQuery( \".total\" ).hide();\n            }\n\n        });\n        jQuery('.islaimage').on('click', function(e){\n            e.preventDefault();\n            var itemsel = jQuery(this).attr('href');\n            itemsel = itemsel.replace(\"#\",\"\");\n            jQuery( \".establecimiento\" ).hide();\n            jQuery( \".\"+itemsel ).show();\n            jQuery( \".total\" ).hide();\n            jQuery('#islas').find('option:selected').removeAttr('selected');\n            jQuery('#islas option[value='+itemsel+']').attr('selected','selected');\n        });\n        function search(string){\n            window.find(string);\n        }\n    <\/script>\n<\/div><div id=\"contenedorResultadosBuscador\">        <div class=\"establecimiento c2  \">\n            <h2 class=\"nombre\"><span class=\"upper\">Ana Style<\/span>  <\/h2>\n            <h3 class=\"categoria\"><span>\n                BELLESA I CURA PERSONAL \/ BELLEZA Y CUIDADO PERSONAL                             <\/span><\/h3>\n           <div class=\"imagen\" style=\"background-image:url(https:\/\/app.calvialovale.com\/contenidoDinamico\/ComerciosFicheros\/78214086X-35B7EC11-F8B0-594D-D743-66EAD5626681.jpeg)\"><\/div>\n            <p class=\"direccion\"><a target=\"_blank\" href=\"https:\/\/www.google.com\/maps\/search\/Ana+Style%2C+Carrer+Gran+V%C3%ADa+Puig+Major+18+local+16%2C+07180\">\n                    <i class=\"fb-icon-element-3 fb-icon-element fontawesome-icon fa-map-marker-alt fas circle-yes\"><\/i>\n                    Carrer Gran V\u00eda Puig Major 18 local 16<\/a>\n            <\/p>\n            <p class=\"descripcion\">Centro de belleza y Est\u00e9tica <\/p>\n \t\t\t             \n        <\/div>\n                <div class=\"establecimiento c3  \">\n            <h2 class=\"nombre\"><span class=\"upper\">B&J Accesorios de Piel<\/span>  <\/h2>\n            <h3 class=\"categoria\"><span>\n                CAL\u00c7AT I PELL \/ CALZADO Y PIEL                            <\/span><\/h3>\n           <div class=\"imagen\" style=\"background-image:url(https:\/\/app.calvialovale.com\/contenidoDinamico\/ComerciosFicheros\/43154247Z-52BFE3D2-16FD-965A-CE5A-ABE3A4CC3966.jpeg)\"><\/div>\n            <p class=\"direccion\"><a target=\"_blank\" href=\"https:\/\/www.google.com\/maps\/search\/B%26J+Accesorios+de+Piel%2C+Bulevar+de+Paguera+num+41%2C+07160\">\n                    <i class=\"fb-icon-element-3 fb-icon-element fontawesome-icon fa-map-marker-alt fas circle-yes\"><\/i>\n                    Bulevar de Paguera num 41<\/a>\n            <\/p>\n            <p class=\"descripcion\">Gran selecci\u00f3n y variedad de art\u00edculos de piel artesal espa\u00f1ola.<\/p>\n \t\t\t             \n        <\/div>\n                <div class=\"establecimiento c2  \">\n            <h2 class=\"nombre\"><span class=\"upper\">bodhana wellness centre<\/span>  <\/h2>\n            <h3 class=\"categoria\"><span>\n                BELLESA I CURA PERSONAL \/ BELLEZA Y CUIDADO PERSONAL                             <\/span><\/h3>\n           <div class=\"imagen\" style=\"background-image:url(https:\/\/app.calvialovale.com\/contenidoDinamico\/ComerciosFicheros\/B57105116-80B62984-10F8-6B25-9EC0-28594E74FDA7.jpeg)\"><\/div>\n            <p class=\"direccion\"><a target=\"_blank\" href=\"https:\/\/www.google.com\/maps\/search\/bodhana+wellness+centre%2C+calle+benito+jeronimo+feijoo+2%2C+local+2%2C+07181\">\n                    <i class=\"fb-icon-element-3 fb-icon-element fontawesome-icon fa-map-marker-alt fas circle-yes\"><\/i>\n                    calle benito jeronimo feijoo 2, local 2<\/a>\n            <\/p>\n            <p class=\"descripcion\">Desde hace m\u00e1s de 25 a\u00f1os, Bodhana ofrece los mejores masajes terap\u00e9uticos y hol\u00edsticos en Mallorca. Puede elegir entre masajes deportivos o antiestr\u00e9s, para zonas problem\u00e1ticas, reflexolog\u00eda podal, masaje craneal indio, ayurveda, piedras calientes, aroma<\/p>\n \t\t\t             \n        <\/div>\n                <div class=\"establecimiento c21  \">\n            <h2 class=\"nombre\"><span class=\"upper\">By Mei Boutique<\/span>  <\/h2>\n            <h3 class=\"categoria\"><span>\n                MODA I COMPLEMENTS \/ MODA Y COMPLEMENTOS                            <\/span><\/h3>\n           <div class=\"imagen\" style=\"background-image:url(https:\/\/app.calvialovale.com\/contenidoDinamico\/ComerciosFicheros\/X3716060L-9F3A94CA-B253-94F8-2282-F14E3EDED1D3.jpg)\"><\/div>\n            <p class=\"direccion\"><a target=\"_blank\" href=\"https:\/\/www.google.com\/maps\/search\/By+Mei+Boutique%2C+CARRER+MIQUEL+SANTS+OLIVER+7+PALMA+NOVA+CALVIA+%2C+07181\">\n                    <i class=\"fb-icon-element-3 fb-icon-element fontawesome-icon fa-map-marker-alt fas circle-yes\"><\/i>\n                    CARRER MIQUEL SANTS OLIVER 7 PALMA NOVA CALVIA <\/a>\n            <\/p>\n            <p class=\"descripcion\">TIENDA DE MODA<\/p>\n \t\t\t             \n        <\/div>\n                <div class=\"establecimiento c3  \">\n            <h2 class=\"nombre\"><span class=\"upper\">Calzados Elegant<\/span>  <\/h2>\n            <h3 class=\"categoria\"><span>\n                CAL\u00c7AT I PELL \/ CALZADO Y PIEL                            <\/span><\/h3>\n           <div class=\"imagen\" style=\"background-image:url(https:\/\/app.calvialovale.com\/contenidoDinamico\/ComerciosFicheros\/18237900G-4D19F0DE-A674-360D-138D-B0851A67A01A.jpg)\"><\/div>\n            <p class=\"direccion\"><a target=\"_blank\" href=\"https:\/\/www.google.com\/maps\/search\/Calzados+Elegant%2C+Paseo+del+mar%2C28+local7%2C+07181\">\n                    <i class=\"fb-icon-element-3 fb-icon-element fontawesome-icon fa-map-marker-alt fas circle-yes\"><\/i>\n                    Paseo del mar,28 local7<\/a>\n            <\/p>\n            <p class=\"descripcion\">Venta de Calzados, bolsos y complementos <\/p>\n \t\t\t             \n        <\/div>\n                <div class=\"establecimiento c3  \">\n            <h2 class=\"nombre\"><span class=\"upper\">Calzados Fabri'ss<\/span>  <\/h2>\n            <h3 class=\"categoria\"><span>\n                CAL\u00c7AT I PELL \/ CALZADO Y PIEL                            <\/span><\/h3>\n           <div class=\"imagen\" style=\"background-image:url(https:\/\/app.calvialovale.com\/contenidoDinamico\/ComerciosFicheros\/B57212615-881C2097-46FD-0328-02F5-0619F5144C3B.jpg)\"><\/div>\n            <p class=\"direccion\"><a target=\"_blank\" href=\"https:\/\/www.google.com\/maps\/search\/Calzados+Fabri%27ss%2C+C%2F+Zaragoza+1%2C+C.C.Mercadona+local+15-16+Son+caliu%2C+07181\">\n                    <i class=\"fb-icon-element-3 fb-icon-element fontawesome-icon fa-map-marker-alt fas circle-yes\"><\/i>\n                    C\/ Zaragoza 1, C.C.Mercadona local 15-16 Son caliu<\/a>\n            <\/p>\n            <p class=\"descripcion\">Zapater\u00eda Fabri'ss es una tienda en la cu\u00e1l puedes encontrar calzado de hombre, mujer y ni\u00f1o\/as. Tambi\u00e9n disponemos de bisuter\u00eda y complementos como bolsos.<\/p>\n \t\t\t             \n        <\/div>\n                <div class=\"establecimiento c21  \">\n            <h2 class=\"nombre\"><span class=\"upper\">Calzados Inka <\/span>  <\/h2>\n            <h3 class=\"categoria\"><span>\n                MODA I COMPLEMENTS \/ MODA Y COMPLEMENTOS                            <\/span><\/h3>\n           <div class=\"imagen\" style=\"background-image:url(https:\/\/app.calvialovale.com\/contenidoDinamico\/ComerciosFicheros\/43103950H-590632B8-53BF-E50D-63F3-DD7A7287C4B4.jpeg)\"><\/div>\n            <p class=\"direccion\"><a target=\"_blank\" href=\"https:\/\/www.google.com\/maps\/search\/Calzados+Inka+%2C+Calle+Carlos+Saenz+de+Tejada+Garc%C3%ADa+local+2+centro+comercial+La+Vila%2C+07181\">\n                    <i class=\"fb-icon-element-3 fb-icon-element fontawesome-icon fa-map-marker-alt fas circle-yes\"><\/i>\n                    Calle Carlos Saenz de Tejada Garc\u00eda local 2 centro comercial La Vila<\/a>\n            <\/p>\n            <p class=\"descripcion\">Venta de Calzados, Ropa, bolsos y complements <\/p>\n \t\t\t             \n        <\/div>\n                <div class=\"establecimiento c1  \">\n            <h2 class=\"nombre\"><span class=\"upper\">Carniceria can rivas<\/span>  <\/h2>\n            <h3 class=\"categoria\"><span>\n                ALIMENTACI\u00d3 \/ ALIMENTACI\u00d3N                            <\/span><\/h3>\n           <div class=\"imagen\" style=\"background-image:url(https:\/\/app.calvialovale.com\/contenidoDinamico\/ComerciosFicheros\/72448718y-BF485A52-7F18-23BF-D665-CFA3390612D1.jpeg)\"><\/div>\n            <p class=\"direccion\"><a target=\"_blank\" href=\"https:\/\/www.google.com\/maps\/search\/Carniceria+can+rivas%2C+Gran+v%C3%ADa+39+el+toro%2C+07180\">\n                    <i class=\"fb-icon-element-3 fb-icon-element fontawesome-icon fa-map-marker-alt fas circle-yes\"><\/i>\n                    Gran v\u00eda 39 el toro<\/a>\n            <\/p>\n            <p class=\"descripcion\">Carniceria chaucuteria<\/p>\n \t\t\t             \n        <\/div>\n                <div class=\"establecimiento c19  \">\n            <h2 class=\"nombre\"><span class=\"upper\">Cl\u00ednica Veterinaria El Toro<\/span>  <\/h2>\n            <h3 class=\"categoria\"><span>\n                MASCOTES \/ MASCOTAS                            <\/span><\/h3>\n           <div class=\"imagen\" style=\"background-image:url(https:\/\/app.calvialovale.com\/contenidoDinamico\/ComerciosFicheros\/B09907478-D06D2F32-25EC-9BAE-E6AD-1407C421D24D.jpeg)\"><\/div>\n            <p class=\"direccion\"><a target=\"_blank\" href=\"https:\/\/www.google.com\/maps\/search\/Cl%C3%ADnica+Veterinaria+El+Toro%2C+CALLE+Gran+Via%2C+24%2C+Bloque+c%2C+Puerta+1%2C+07180\">\n                    <i class=\"fb-icon-element-3 fb-icon-element fontawesome-icon fa-map-marker-alt fas circle-yes\"><\/i>\n                    CALLE Gran Via, 24, Bloque c, Puerta 1<\/a>\n            <\/p>\n            <p class=\"descripcion\">COM.MEN.SEMILLAS,ABONOS,FLORES,PLANTAS, TIENDA ANIMAL Y PELUQUERIA <\/p>\n \t\t\t             \n        <\/div>\n                <div class=\"establecimiento c21  \">\n            <h2 class=\"nombre\"><span class=\"upper\">CLOVER<\/span>  <\/h2>\n            <h3 class=\"categoria\"><span>\n                MODA I COMPLEMENTS \/ MODA Y COMPLEMENTOS                            <\/span><\/h3>\n           <div class=\"imagen\" style=\"background-image:url(https:\/\/app.calvialovale.com\/contenidoDinamico\/ComerciosFicheros\/X8370770N-E52E2C00-FCE3-7F87-468F-6A525ED84CCE.jpg)\"><\/div>\n            <p class=\"direccion\"><a target=\"_blank\" href=\"https:\/\/www.google.com\/maps\/search\/CLOVER%2C+Plaza+santa+ponsa+n-1+%2C+santa+ponsa%2C+07181\">\n                    <i class=\"fb-icon-element-3 fb-icon-element fontawesome-icon fa-map-marker-alt fas circle-yes\"><\/i>\n                    Plaza santa ponsa n-1 , santa ponsa<\/a>\n            <\/p>\n            <p class=\"descripcion\">Ropa y complementos para mujer , hombre y ni\u00f1os<\/p>\n \t\t\t             \n        <\/div>\n                <div class=\"establecimiento c2  \">\n            <h2 class=\"nombre\"><span class=\"upper\">cosmetic Baleares<\/span>  <\/h2>\n            <h3 class=\"categoria\"><span>\n                BELLESA I CURA PERSONAL \/ BELLEZA Y CUIDADO PERSONAL                             <\/span><\/h3>\n           <div class=\"imagen\" style=\"background-image:url(https:\/\/app.calvialovale.com\/contenidoDinamico\/ComerciosFicheros\/43154705N-6E95671F-C585-2CC4-FBEF-8229BAF21D3F.jpg)\"><\/div>\n            <p class=\"direccion\"><a target=\"_blank\" href=\"https:\/\/www.google.com\/maps\/search\/cosmetic+Baleares%2C+C%2FRam%C3%B3n+de+Moncada+n32%2C+local14%2F15%2C+07183\">\n                    <i class=\"fb-icon-element-3 fb-icon-element fontawesome-icon fa-map-marker-alt fas circle-yes\"><\/i>\n                    C\/Ram\u00f3n de Moncada n32, local14\/15<\/a>\n            <\/p>\n            <p class=\"descripcion\">tienda especializada en productos de peluquer\u00eda, manicura, barber\u00eda<\/p>\n \t\t\t             \n        <\/div>\n                <div class=\"establecimiento c19  \">\n            <h2 class=\"nombre\"><span class=\"upper\">Dogs & Dogs<\/span>  <\/h2>\n            <h3 class=\"categoria\"><span>\n                MASCOTES \/ MASCOTAS                            <\/span><\/h3>\n           <div class=\"imagen\" style=\"background-image:url(https:\/\/app.calvialovale.com\/contenidoDinamico\/ComerciosFicheros\/B07988843-C22421D8-6976-8C85-FEE4-7B56B5366E8D.jpg)\"><\/div>\n            <p class=\"direccion\"><a target=\"_blank\" href=\"https:\/\/www.google.com\/maps\/search\/Dogs+%26+Dogs%2C+Avenida+Jaime+I+117%2C+Local+9+y+10%2C+07180\">\n                    <i class=\"fb-icon-element-3 fb-icon-element fontawesome-icon fa-map-marker-alt fas circle-yes\"><\/i>\n                    Avenida Jaime I 117, Local 9 y 10<\/a>\n            <\/p>\n            <p class=\"descripcion\">Tienda de Venta de Accesorios y Alimentacion para el peque\u00f1o Animal y Peluqueria Canina<\/p>\n \t\t\t             \n        <\/div>\n                <div class=\"establecimiento c2  \">\n            <h2 class=\"nombre\"><span class=\"upper\">Est\u00e9tica Eva Gonz\u00e1lez<\/span>  <\/h2>\n            <h3 class=\"categoria\"><span>\n                BELLESA I CURA PERSONAL \/ BELLEZA Y CUIDADO PERSONAL                             <\/span><\/h3>\n           <div class=\"imagen\" style=\"background-image:url(https:\/\/app.calvialovale.com\/contenidoDinamico\/ComerciosFicheros\/43118115S-ABF6438B-8A99-A021-9CED-7F271019C1CE.jpeg)\"><\/div>\n            <p class=\"direccion\"><a target=\"_blank\" href=\"https:\/\/www.google.com\/maps\/search\/Est%C3%A9tica+Eva+Gonz%C3%A1lez%2C+Calle+Jardiel+Poncela+14+Bajo+Izq.%2C+07181\">\n                    <i class=\"fb-icon-element-3 fb-icon-element fontawesome-icon fa-map-marker-alt fas circle-yes\"><\/i>\n                    Calle Jardiel Poncela 14 Bajo Izq.<\/a>\n            <\/p>\n            <p class=\"descripcion\">Centro Est\u00e9tico y belleza con tratamientos corporales y faciales. <\/p>\n \t\t\t             \n        <\/div>\n                <div class=\"establecimiento c33  \">\n            <h2 class=\"nombre\"><span class=\"upper\">FARMACIA CARMEN GARCIA ROMO<\/span>  <\/h2>\n            <h3 class=\"categoria\"><span>\n                ALTRES \/ OTROS                            <\/span><\/h3>\n           <div class=\"imagen\" style=\"background-image:url(https:\/\/app.calvialovale.com\/contenidoDinamico\/ComerciosFicheros\/16279433X-AF432D9C-85FC-8EC7-FAEE-3A4315E432FF.jpg)\"><\/div>\n            <p class=\"direccion\"><a target=\"_blank\" href=\"https:\/\/www.google.com\/maps\/search\/FARMACIA+CARMEN+GARCIA+ROMO%2C+RIU+SIL+1+SANTA+PON%C3%87A%2C+07180\">\n                    <i class=\"fb-icon-element-3 fb-icon-element fontawesome-icon fa-map-marker-alt fas circle-yes\"><\/i>\n                    RIU SIL 1 SANTA PON\u00c7A<\/a>\n            <\/p>\n            <p class=\"descripcion\">FARMACIA<\/p>\n \t\t\t             \n        <\/div>\n                <div class=\"establecimiento c2  \">\n            <h2 class=\"nombre\"><span class=\"upper\">FARMACIA FERNANDO SORIA JAUME<\/span>  <\/h2>\n            <h3 class=\"categoria\"><span>\n                BELLESA I CURA PERSONAL \/ BELLEZA Y CUIDADO PERSONAL                             <\/span><\/h3>\n           <div class=\"imagen\" style=\"background-image:url(https:\/\/app.calvialovale.com\/contenidoDinamico\/ComerciosFicheros\/72037336W-4B261BC3-89A5-22FC-113F-0CCE18927902.jpeg)\"><\/div>\n            <p class=\"direccion\"><a target=\"_blank\" href=\"https:\/\/www.google.com\/maps\/search\/FARMACIA+FERNANDO+SORIA+JAUME%2C+MAJOR+41+BAJOS%2C+07184\">\n                    <i class=\"fb-icon-element-3 fb-icon-element fontawesome-icon fa-map-marker-alt fas circle-yes\"><\/i>\n                    MAJOR 41 BAJOS<\/a>\n            <\/p>\n            <p class=\"descripcion\">FARMACIA<\/p>\n \t\t\t             \n        <\/div>\n                <div class=\"establecimiento c33  \">\n            <h2 class=\"nombre\"><span class=\"upper\">FARMACIA ILLETAS<\/span>  <\/h2>\n            <h3 class=\"categoria\"><span>\n                ALTRES \/ OTROS                            <\/span><\/h3>\n           <div class=\"imagen\" style=\"background-image:url(https:\/\/app.calvialovale.com\/contenidoDinamico\/ComerciosFicheros\/E57517948-116F2848-C187-0E24-428F-F0EC019EBC13.jpg)\"><\/div>\n            <p class=\"direccion\"><a target=\"_blank\" href=\"https:\/\/www.google.com\/maps\/search\/FARMACIA+ILLETAS%2C+PASEO+DE+ILLETAS%2C+2%2C+LOCAL+1%2C+07181\">\n                    <i class=\"fb-icon-element-3 fb-icon-element fontawesome-icon fa-map-marker-alt fas circle-yes\"><\/i>\n                    PASEO DE ILLETAS, 2, LOCAL 1<\/a>\n            <\/p>\n            <p class=\"descripcion\">FARMACIA<\/p>\n \t\t\t             \n        <\/div>\n                <div class=\"establecimiento c2  \">\n            <h2 class=\"nombre\"><span class=\"upper\">FARMACIA MARGARITA ROSSELL\u00d3 GOMILA<\/span>  <\/h2>\n            <h3 class=\"categoria\"><span>\n                BELLESA I CURA PERSONAL \/ BELLEZA Y CUIDADO PERSONAL                             <\/span><\/h3>\n           <div class=\"imagen\" style=\"background-image:url(https:\/\/app.calvialovale.com\/contenidoDinamico\/ComerciosFicheros\/42947610D-24F11DB9-B6BE-5988-AB8C-DC8AE5ECC0EC.jpg)\"><\/div>\n            <p class=\"direccion\"><a target=\"_blank\" href=\"https:\/\/www.google.com\/maps\/search\/FARMACIA+MARGARITA+ROSSELL%C3%93+GOMILA%2C+AVENIDA+SON+PILLO+7+LOCAL+32+URB.+GALATZ%C3%93%2C+07180\">\n                    <i class=\"fb-icon-element-3 fb-icon-element fontawesome-icon fa-map-marker-alt fas circle-yes\"><\/i>\n                    AVENIDA SON PILLO 7 LOCAL 32 URB. GALATZ\u00d3<\/a>\n            <\/p>\n            <p class=\"descripcion\">FARMACIA<\/p>\n \t\t\t             \n        <\/div>\n                <div class=\"establecimiento c9  \">\n            <h2 class=\"nombre\"><span class=\"upper\">Ferreter\u00eda Capri 4<\/span>  <\/h2>\n            <h3 class=\"categoria\"><span>\n                FERRETERIES \/ FERRETER\u00cdAS                            <\/span><\/h3>\n           <div class=\"imagen\" style=\"background-image:url(https:\/\/app.calvialovale.com\/contenidoDinamico\/ComerciosFicheros\/B57662579-5BC490FA-4A37-C4D7-84D8-FD447B862A8F.jpg)\"><\/div>\n            <p class=\"direccion\"><a target=\"_blank\" href=\"https:\/\/www.google.com\/maps\/search\/Ferreter%C3%ADa+Capri+4%2C+Avda+Paguera+20%2C+07160\">\n                    <i class=\"fb-icon-element-3 fb-icon-element fontawesome-icon fa-map-marker-alt fas circle-yes\"><\/i>\n                    Avda Paguera 20<\/a>\n            <\/p>\n            <p class=\"descripcion\">VENTA AL POR MENOR FERRET, ELECT , PINTURA <\/p>\n \t\t\t             \n        <\/div>\n                <div class=\"establecimiento c9  \">\n            <h2 class=\"nombre\"><span class=\"upper\">Ferreteria J. Trillo<\/span>  <\/h2>\n            <h3 class=\"categoria\"><span>\n                FERRETERIES \/ FERRETER\u00cdAS                            <\/span><\/h3>\n           <div class=\"imagen\" style=\"background-image:url(https:\/\/app.calvialovale.com\/contenidoDinamico\/ComerciosFicheros\/B07883242-5DDF4512-145D-05C1-4E4B-52942740C4BE.jpg)\"><\/div>\n            <p class=\"direccion\"><a target=\"_blank\" href=\"https:\/\/www.google.com\/maps\/search\/Ferreteria+J.+Trillo%2C+Avda+Ca%27s+Sabones+2%2C+07181\">\n                    <i class=\"fb-icon-element-3 fb-icon-element fontawesome-icon fa-map-marker-alt fas circle-yes\"><\/i>\n                    Avda Ca's Sabones 2<\/a>\n            <\/p>\n            <p class=\"descripcion\">Ferreteria<\/p>\n \t\t\t             \n        <\/div>\n                <div class=\"establecimiento c9  \">\n            <h2 class=\"nombre\"><span class=\"upper\">FERRETERIA KOMPAS<\/span>  <\/h2>\n            <h3 class=\"categoria\"><span>\n                FERRETERIES \/ FERRETER\u00cdAS                            <\/span><\/h3>\n           <div class=\"imagen\" style=\"background-image:url(https:\/\/app.calvialovale.com\/contenidoDinamico\/ComerciosFicheros\/B57016545-E584E9C7-46E6-91D9-44C8-4978B11D7D08.jpg)\"><\/div>\n            <p class=\"direccion\"><a target=\"_blank\" href=\"https:\/\/www.google.com\/maps\/search\/FERRETERIA+KOMPAS%2C+crta+andraitx+26%2C+portals+nous%2C+07181\">\n                    <i class=\"fb-icon-element-3 fb-icon-element fontawesome-icon fa-map-marker-alt fas circle-yes\"><\/i>\n                    crta andraitx 26, portals nous<\/a>\n            <\/p>\n            <p class=\"descripcion\">VENTA AL POR MENOR ARTICULOS FERRETERIA Y  REFORMAS<\/p>\n \t\t\t             \n        <\/div>\n                <div class=\"establecimiento c9  \">\n            <h2 class=\"nombre\"><span class=\"upper\">Ferreteria Tony<\/span>  <\/h2>\n            <h3 class=\"categoria\"><span>\n                FERRETERIES \/ FERRETER\u00cdAS                            <\/span><\/h3>\n           <div class=\"imagen\" style=\"background-image:url(https:\/\/app.calvialovale.com\/contenidoDinamico\/ComerciosFicheros\/B16642944-40DA6F49-C128-0920-D324-C40E2C739DE3.jpg)\"><\/div>\n            <p class=\"direccion\"><a target=\"_blank\" href=\"https:\/\/www.google.com\/maps\/search\/Ferreteria+Tony%2C+avd.+de+la+playa+n%C2%BA+7%2C+07181\">\n                    <i class=\"fb-icon-element-3 fb-icon-element fontawesome-icon fa-map-marker-alt fas circle-yes\"><\/i>\n                    avd. de la playa n\u00ba 7<\/a>\n            <\/p>\n            <p class=\"descripcion\">Establecimiento dedicado a la venta de material de fontaner\u00eda,ferreteria, electricidad, menaje y pinturas.<\/p>\n \t\t\t             \n        <\/div>\n                <div class=\"establecimiento c6  \">\n            <h2 class=\"nombre\"><span class=\"upper\">Fullpadel <\/span>  <\/h2>\n            <h3 class=\"categoria\"><span>\n                ESPORTS \/ DEPORTES                            <\/span><\/h3>\n           <div class=\"imagen\" style=\"background-image:url(https:\/\/app.calvialovale.com\/contenidoDinamico\/ComerciosFicheros\/E44596286-73698E2A-7765-9744-B4F9-C9D506F96304.jpg)\"><\/div>\n            <p class=\"direccion\"><a target=\"_blank\" href=\"https:\/\/www.google.com\/maps\/search\/Fullpadel+%2C+C%2FSon+Thomas+n%C2%BA2%2C+Santa+Pon%C3%A7a+%28Son+Bugadelles%29%2C+07180\">\n                    <i class=\"fb-icon-element-3 fb-icon-element fontawesome-icon fa-map-marker-alt fas circle-yes\"><\/i>\n                    C\/Son Thomas n\u00ba2, Santa Pon\u00e7a (Son Bugadelles)<\/a>\n            <\/p>\n            <p class=\"descripcion\">Tienda especializada en p\u00e1del donde encontrar\u00e1s palas, ropa y complementos para todo tipo de jugadores y venta de suplementos deportivos.<\/p>\n \t\t\t             \n        <\/div>\n                <div class=\"establecimiento c1  \">\n            <h2 class=\"nombre\"><span class=\"upper\">Gastro carne <\/span>  <\/h2>\n            <h3 class=\"categoria\"><span>\n                ALIMENTACI\u00d3 \/ ALIMENTACI\u00d3N                            <\/span><\/h3>\n           <div class=\"imagen\" style=\"background-image:url(https:\/\/app.calvialovale.com\/contenidoDinamico\/ComerciosFicheros\/E44569507-1753E799-8E67-95FE-A45B-5F1F14AAB9E8.jpeg)\"><\/div>\n            <p class=\"direccion\"><a target=\"_blank\" href=\"https:\/\/www.google.com\/maps\/search\/Gastro+carne+%2C+Ramon+de+Moncada+4+local+3%2C+07180\">\n                    <i class=\"fb-icon-element-3 fb-icon-element fontawesome-icon fa-map-marker-alt fas circle-yes\"><\/i>\n                    Ramon de Moncada 4 local 3<\/a>\n            <\/p>\n            <p class=\"descripcion\">Carnicer\u00eda  y charcuter\u00eda, Especializados en razas y cortes , elaborados , embutidos , quesos y jamones.<\/p>\n \t\t\t             \n        <\/div>\n                <div class=\"establecimiento c25  \">\n            <h2 class=\"nombre\"><span class=\"upper\">General \u00d3ptica <\/span>  <\/h2>\n            <h3 class=\"categoria\"><span>\n                \u00d2PTIQUES \/ \u00d3PTICAS                            <\/span><\/h3>\n           <div class=\"imagen\" style=\"background-image:url(https:\/\/app.calvialovale.com\/contenidoDinamico\/ComerciosFicheros\/B57702672-F4DFC6D7-B58F-4808-5FF8-6AF153FC95AD.jpg)\"><\/div>\n            <p class=\"direccion\"><a target=\"_blank\" href=\"https:\/\/www.google.com\/maps\/search\/General+%C3%93ptica+%2C+Rey+Jaume+I+117+local+14+y+15%2C+07180\">\n                    <i class=\"fb-icon-element-3 fb-icon-element fontawesome-icon fa-map-marker-alt fas circle-yes\"><\/i>\n                    Rey Jaume I 117 local 14 y 15<\/a>\n            <\/p>\n            <p class=\"descripcion\">\u00d3ptica <\/p>\n \t\t\t             \n        <\/div>\n                <div class=\"establecimiento c21  \">\n            <h2 class=\"nombre\"><span class=\"upper\">Glamour <\/span>  <\/h2>\n            <h3 class=\"categoria\"><span>\n                MODA I COMPLEMENTS \/ MODA Y COMPLEMENTOS                            <\/span><\/h3>\n           <div class=\"imagen\" style=\"background-image:url(https:\/\/app.calvialovale.com\/contenidoDinamico\/ComerciosFicheros\/43024709N-012CDC54-8F13-7131-DEA1-C9F12E9D2827.jpg)\"><\/div>\n            <p class=\"direccion\"><a target=\"_blank\" href=\"https:\/\/www.google.com\/maps\/search\/Glamour+%2C+Avd+peguera+n18%2C+07160\">\n                    <i class=\"fb-icon-element-3 fb-icon-element fontawesome-icon fa-map-marker-alt fas circle-yes\"><\/i>\n                    Avd peguera n18<\/a>\n            <\/p>\n            <p class=\"descripcion\">Boutique moda <\/p>\n \t\t\t             \n        <\/div>\n                <div class=\"establecimiento c15  \">\n            <h2 class=\"nombre\"><span class=\"upper\">Joyer\u00eda Paguera <\/span>  <\/h2>\n            <h3 class=\"categoria\"><span>\n                JOIES I BIJUTERIA \/ JOYAS Y BISUTERIA                            <\/span><\/h3>\n           <div class=\"imagen\" style=\"background-image:url(https:\/\/app.calvialovale.com\/contenidoDinamico\/ComerciosFicheros\/J16607962-7232E0D2-8AE8-7650-8F5B-9AD46D408E9F.jpg)\"><\/div>\n            <p class=\"direccion\"><a target=\"_blank\" href=\"https:\/\/www.google.com\/maps\/search\/Joyer%C3%ADa+Paguera+%2C+Av.+Paguera+%2342%2C+Local+4%2C+%2C+07160\">\n                    <i class=\"fb-icon-element-3 fb-icon-element fontawesome-icon fa-map-marker-alt fas circle-yes\"><\/i>\n                    Av. Paguera #42, Local 4, <\/a>\n            <\/p>\n            <p class=\"descripcion\">Gafas de Sol, Relojer\u00eda, Joyas de Plata y Acero <\/p>\n \t\t\t             \n        <\/div>\n                <div class=\"establecimiento c15  \">\n            <h2 class=\"nombre\"><span class=\"upper\">Joyeria Zeller<\/span>  <\/h2>\n            <h3 class=\"categoria\"><span>\n                JOIES I BIJUTERIA \/ JOYAS Y BISUTERIA                            <\/span><\/h3>\n           <div class=\"imagen\" style=\"background-image:url(https:\/\/app.calvialovale.com\/contenidoDinamico\/ComerciosFicheros\/43077817J-1D8F0C56-E519-2EC0-9971-2E013F73446C.jpg)\"><\/div>\n            <p class=\"direccion\"><a target=\"_blank\" href=\"https:\/\/www.google.com\/maps\/search\/Joyeria+Zeller%2C+Av.+Paguera+66+%28local+11%29%2C+Paguera%2C+Mallorca%2C+07160\">\n                    <i class=\"fb-icon-element-3 fb-icon-element fontawesome-icon fa-map-marker-alt fas circle-yes\"><\/i>\n                    Av. Paguera 66 (local 11), Paguera, Mallorca<\/a>\n            <\/p>\n            <p class=\"descripcion\">Joyer\u00eda Zeller es la joyer\u00eda y relojer\u00eda situada en Paguera, Mallorca donde encontrar\u00e1 la joya adecuada para cada ocasi\u00f3n. Disponemos de una amplia variedad de anillos de compromiso, alianzas de boda y estaremos encantados de asesorarle en su elecci\u00f3n del<\/p>\n \t\t\t             \n        <\/div>\n                <div class=\"establecimiento c21  \">\n            <h2 class=\"nombre\"><span class=\"upper\">Katia Calzados Victory<\/span>  <\/h2>\n            <h3 class=\"categoria\"><span>\n                MODA I COMPLEMENTS \/ MODA Y COMPLEMENTOS                            <\/span><\/h3>\n           <div class=\"imagen\" style=\"background-image:url(https:\/\/app.calvialovale.com\/contenidoDinamico\/ComerciosFicheros\/78209179w-A4B8D114-9DFB-F388-18F7-E09D4B9A5D7D.jpg)\"><\/div>\n            <p class=\"direccion\"><a target=\"_blank\" href=\"https:\/\/www.google.com\/maps\/search\/Katia+Calzados+Victory%2C+Calle+Riu+sil+Num.1+Local+3%2C+07180\">\n                    <i class=\"fb-icon-element-3 fb-icon-element fontawesome-icon fa-map-marker-alt fas circle-yes\"><\/i>\n                    Calle Riu sil Num.1 Local 3<\/a>\n            <\/p>\n            <p class=\"descripcion\">Venta calzado y complemento deportivos<\/p>\n \t\t\t             \n        <\/div>\n                <div class=\"establecimiento c21  \">\n            <h2 class=\"nombre\"><span class=\"upper\">Lovely Portals <\/span>  <\/h2>\n            <h3 class=\"categoria\"><span>\n                MODA I COMPLEMENTS \/ MODA Y COMPLEMENTOS                            <\/span><\/h3>\n           <div class=\"imagen\" style=\"background-image:url(https:\/\/app.calvialovale.com\/contenidoDinamico\/ComerciosFicheros\/43047886M-A57A79B5-0771-2545-8DB2-E3DF0475A0BF.jpg)\"><\/div>\n            <p class=\"direccion\"><a target=\"_blank\" href=\"https:\/\/www.google.com\/maps\/search\/Lovely+Portals+%2C+CRTA.ANDRATX+KM.43+LOCAL+15%2C+07181\">\n                    <i class=\"fb-icon-element-3 fb-icon-element fontawesome-icon fa-map-marker-alt fas circle-yes\"><\/i>\n                    CRTA.ANDRATX KM.43 LOCAL 15<\/a>\n            <\/p>\n            <p class=\"descripcion\">Complementos, moda y bisuter\u00eda <\/p>\n \t\t\t             \n        <\/div>\n                <div class=\"establecimiento c6  \">\n            <h2 class=\"nombre\"><span class=\"upper\">Marians Sport<\/span>  <\/h2>\n            <h3 class=\"categoria\"><span>\n                ESPORTS \/ DEPORTES                            <\/span><\/h3>\n           <div class=\"imagen\" style=\"background-image:url(https:\/\/app.calvialovale.com\/contenidoDinamico\/ComerciosFicheros\/B57493835-A0EB503A-50E5-E022-13AE-8E18DDD607E8.jpg)\"><\/div>\n            <p class=\"direccion\"><a target=\"_blank\" href=\"https:\/\/www.google.com\/maps\/search\/Marians+Sport%2C+Calle+Ram%C3%B3n+de+Moncada%2C32+local+22%2C+07180\">\n                    <i class=\"fb-icon-element-3 fb-icon-element fontawesome-icon fa-map-marker-alt fas circle-yes\"><\/i>\n                    Calle Ram\u00f3n de Moncada,32 local 22<\/a>\n            <\/p>\n            <p class=\"descripcion\">articulos deportivos<\/p>\n \t\t\t             \n        <\/div>\n                <div class=\"establecimiento c6  \">\n            <h2 class=\"nombre\"><span class=\"upper\">MARIANS SPORT FUTBOL<\/span>  <\/h2>\n            <h3 class=\"categoria\"><span>\n                ESPORTS \/ DEPORTES                            <\/span><\/h3>\n           <div class=\"imagen\" style=\"background-image:url(https:\/\/app.calvialovale.com\/contenidoDinamico\/ComerciosFicheros\/E57186868-08166163-F4BA-374B-443C-21C63B378BC6.jpg)\"><\/div>\n            <p class=\"direccion\"><a target=\"_blank\" href=\"https:\/\/www.google.com\/maps\/search\/MARIANS+SPORT+FUTBOL%2C+RIU+SIL+3+LOCAL+16+%2C+07180\">\n                    <i class=\"fb-icon-element-3 fb-icon-element fontawesome-icon fa-map-marker-alt fas circle-yes\"><\/i>\n                    RIU SIL 3 LOCAL 16 <\/a>\n            <\/p>\n            <p class=\"descripcion\">Tienda de deportes especializada en f\u00fatbol<\/p>\n \t\t\t             \n        <\/div>\n                <div class=\"establecimiento c20  \">\n            <h2 class=\"nombre\"><span class=\"upper\">Mercer\u00eda Santa Ponsa<\/span>  <\/h2>\n            <h3 class=\"categoria\"><span>\n                MERCERIES \/ MERCER\u00cdAS                            <\/span><\/h3>\n           <div class=\"imagen\" style=\"background-image:url(https:\/\/app.calvialovale.com\/contenidoDinamico\/ComerciosFicheros\/E57184616-01EB1B26-81A3-AD06-3639-3E2EEF5C1ECA.jpg)\"><\/div>\n            <p class=\"direccion\"><a target=\"_blank\" href=\"https:\/\/www.google.com\/maps\/search\/Mercer%C3%ADa+Santa+Ponsa%2C+Avd.Jaime+I+%2C109+Santa+Ponsa+%2C+07180+\">\n                    <i class=\"fb-icon-element-3 fb-icon-element fontawesome-icon fa-map-marker-alt fas circle-yes\"><\/i>\n                    Avd.Jaime I ,109 Santa Ponsa <\/a>\n            <\/p>\n            <p class=\"descripcion\">Merceria ,ropa de sra y de ni\u00f1o y ropa interior <\/p>\n \t\t\t             \n        <\/div>\n                <div class=\"establecimiento c23  \">\n            <h2 class=\"nombre\"><span class=\"upper\">Muebles Palmanova<\/span>  <\/h2>\n            <h3 class=\"categoria\"><span>\n                MOBLES I DECORACI\u00d3 \/ MUEBLES I DECORACI\u00d3N                            <\/span><\/h3>\n           <div class=\"imagen\" style=\"background-image:url(https:\/\/app.calvialovale.com\/contenidoDinamico\/ComerciosFicheros\/28435884H-8AA1D295-2BB2-9A15-C5A4-95FF5C6DF379.jpg)\"><\/div>\n            <p class=\"direccion\"><a target=\"_blank\" href=\"https:\/\/www.google.com\/maps\/search\/Muebles+Palmanova%2C+Avinguda+platja%2C+7+Local+22%2C+07181\">\n                    <i class=\"fb-icon-element-3 fb-icon-element fontawesome-icon fa-map-marker-alt fas circle-yes\"><\/i>\n                    Avinguda platja, 7 Local 22<\/a>\n            <\/p>\n            <p class=\"descripcion\">Somos un negocio familiar de m\u00e1s de 40 a\u00f1os de experiencia. Nos dedicamos al muebles en general con una exposici\u00f3n de m\u00e1s de 500 metros cuadrados. Tenemos secciones con muebles de sal\u00f3n, dormitorio, juvenil, sofas, descanso y canap\u00e9s. Tenemos muebles exte<\/p>\n \t\t\t             \n        <\/div>\n                <div class=\"establecimiento c2  \">\n            <h2 class=\"nombre\"><span class=\"upper\">Nemesis Salon de Belleza<\/span>  <\/h2>\n            <h3 class=\"categoria\"><span>\n                BELLESA I CURA PERSONAL \/ BELLEZA Y CUIDADO PERSONAL                             <\/span><\/h3>\n           <div class=\"imagen\" style=\"background-image:url(https:\/\/app.calvialovale.com\/contenidoDinamico\/ComerciosFicheros\/43462742X-D41B0410-E29B-BF04-1151-0B092B20389F.jpg)\"><\/div>\n            <p class=\"direccion\"><a target=\"_blank\" href=\"https:\/\/www.google.com\/maps\/search\/Nemesis+Salon+de+Belleza%2C+MAJOR+65%2C+07184\">\n                    <i class=\"fb-icon-element-3 fb-icon-element fontawesome-icon fa-map-marker-alt fas circle-yes\"><\/i>\n                    MAJOR 65<\/a>\n            <\/p>\n            <p class=\"descripcion\">PELUQUERIA Y ESTETICA<\/p>\n \t\t\t             \n        <\/div>\n                <div class=\"establecimiento c21  \">\n            <h2 class=\"nombre\"><span class=\"upper\">Nuri Shop<\/span>  <\/h2>\n            <h3 class=\"categoria\"><span>\n                MODA I COMPLEMENTS \/ MODA Y COMPLEMENTOS                            <\/span><\/h3>\n           <div class=\"imagen\" style=\"background-image:url(https:\/\/app.calvialovale.com\/contenidoDinamico\/ComerciosFicheros\/43229590D-B27E7EFC-FAB2-89D1-2CD6-2DB229F76742.jpeg)\"><\/div>\n            <p class=\"direccion\"><a target=\"_blank\" href=\"https:\/\/www.google.com\/maps\/search\/Nuri+Shop%2C+Pinada+5+local+1%2C+07282\">\n                    <i class=\"fb-icon-element-3 fb-icon-element fontawesome-icon fa-map-marker-alt fas circle-yes\"><\/i>\n                    Pinada 5 local 1<\/a>\n            <\/p>\n            <p class=\"descripcion\">Nuri Shop tu tienda de moda a precios low cost <\/p>\n \t\t\t             \n        <\/div>\n                <div class=\"establecimiento c24  \">\n            <h2 class=\"nombre\"><span class=\"upper\">O'NEILL'S PALMANOVA <\/span>  <\/h2>\n            <h3 class=\"categoria\"><span>\n                OCI \/ OCIO                            <\/span><\/h3>\n           <div class=\"imagen\" style=\"background-image:url(https:\/\/app.calvialovale.com\/contenidoDinamico\/ComerciosFicheros\/B01977545-B80C2248-FC1C-E209-CB71-AA2008A35F7C.jpg)\"><\/div>\n            <p class=\"direccion\"><a target=\"_blank\" href=\"https:\/\/www.google.com\/maps\/search\/O%27NEILL%27S+PALMANOVA+%2C+Calle+Paris+8+lo+locam+8+y+9+%2C+07181\">\n                    <i class=\"fb-icon-element-3 fb-icon-element fontawesome-icon fa-map-marker-alt fas circle-yes\"><\/i>\n                    Calle Paris 8 lo locam 8 y 9 <\/a>\n            <\/p>\n            <p class=\"descripcion\">Bar irland\u00e9s con comida tradicional <\/p>\n \t\t\t             \n        <\/div>\n                <div class=\"establecimiento c25  \">\n            <h2 class=\"nombre\"><span class=\"upper\">\u00d3ptica Palmanova<\/span>  <\/h2>\n            <h3 class=\"categoria\"><span>\n                \u00d2PTIQUES \/ \u00d3PTICAS                            <\/span><\/h3>\n           <div class=\"imagen\" style=\"background-image:url(https:\/\/app.calvialovale.com\/contenidoDinamico\/ComerciosFicheros\/35006995Y-8151372A-27D3-694D-740B-492FFA708DBB.jpg)\"><\/div>\n            <p class=\"direccion\"><a target=\"_blank\" href=\"https:\/\/www.google.com\/maps\/search\/%C3%93ptica+Palmanova%2C+Avenida+de+la+playa%2C+12+Palmanova%2C+07181\">\n                    <i class=\"fb-icon-element-3 fb-icon-element fontawesome-icon fa-map-marker-alt fas circle-yes\"><\/i>\n                    Avenida de la playa, 12 Palmanova<\/a>\n            <\/p>\n            <p class=\"descripcion\">\u00d3ptica con optometrista, adaptaci\u00f3n de lentes de contacto, venta de monturas y gafas de sol<\/p>\n \t\t\t             \n        <\/div>\n                <div class=\"establecimiento c25  \">\n            <h2 class=\"nombre\"><span class=\"upper\">\u00d3ptica Santa ponsa<\/span>  <\/h2>\n            <h3 class=\"categoria\"><span>\n                \u00d2PTIQUES \/ \u00d3PTICAS                            <\/span><\/h3>\n           <div class=\"imagen\" style=\"background-image:url(https:\/\/app.calvialovale.com\/contenidoDinamico\/ComerciosFicheros\/B07733181-936F0EAC-B5BB-E244-9864-AEAFA0CCCD5A.jpeg)\"><\/div>\n            <p class=\"direccion\"><a target=\"_blank\" href=\"https:\/\/www.google.com\/maps\/search\/%C3%93ptica+Santa+ponsa%2C+R%C3%ADo+Sil%2C10+%C3%93ptica+Santa+Ponsa%2C+07180\">\n                    <i class=\"fb-icon-element-3 fb-icon-element fontawesome-icon fa-map-marker-alt fas circle-yes\"><\/i>\n                    R\u00edo Sil,10 \u00d3ptica Santa Ponsa<\/a>\n            <\/p>\n            <p class=\"descripcion\">\u00d3ptica <\/p>\n \t\t\t             \n        <\/div>\n                <div class=\"establecimiento c2  \">\n            <h2 class=\"nombre\"><span class=\"upper\">Peluquer\u00eda D'Caprio<\/span>  <\/h2>\n            <h3 class=\"categoria\"><span>\n                BELLESA I CURA PERSONAL \/ BELLEZA Y CUIDADO PERSONAL                             <\/span><\/h3>\n           <div class=\"imagen\" style=\"background-image:url(https:\/\/app.calvialovale.com\/contenidoDinamico\/ComerciosFicheros\/41494171D-B9FEA5E7-3906-8A88-C5CB-3C6E364240F7.jpeg)\"><\/div>\n            <p class=\"direccion\"><a target=\"_blank\" href=\"https:\/\/www.google.com\/maps\/search\/Peluquer%C3%ADa+D%27Caprio%2C+Avenida+central+63%2C+El+toro%2C+Calvia%2C+07180\">\n                    <i class=\"fb-icon-element-3 fb-icon-element fontawesome-icon fa-map-marker-alt fas circle-yes\"><\/i>\n                    Avenida central 63, El toro, Calvia<\/a>\n            <\/p>\n            <p class=\"descripcion\">Peluquer\u00eda<\/p>\n \t\t\t             \n        <\/div>\n                <div class=\"establecimiento c2  \">\n            <h2 class=\"nombre\"><span class=\"upper\">Peluquer\u00eda Rosana <\/span>  <\/h2>\n            <h3 class=\"categoria\"><span>\n                BELLESA I CURA PERSONAL \/ BELLEZA Y CUIDADO PERSONAL                             <\/span><\/h3>\n           <div class=\"imagen\" style=\"background-image:url(https:\/\/app.calvialovale.com\/contenidoDinamico\/ComerciosFicheros\/43124905C-AD22B309-1939-10E0-0EA3-6588DBB62483.jpg)\"><\/div>\n            <p class=\"direccion\"><a target=\"_blank\" href=\"https:\/\/www.google.com\/maps\/search\/Peluquer%C3%ADa+Rosana+%2C+Avda+l%27Olivera+5%2Cbajos+local+9%2C+peluquer%C3%ADa+Rosana%2C+07181\">\n                    <i class=\"fb-icon-element-3 fb-icon-element fontawesome-icon fa-map-marker-alt fas circle-yes\"><\/i>\n                    Avda l'Olivera 5,bajos local 9, peluquer\u00eda Rosana<\/a>\n            <\/p>\n            <p class=\"descripcion\">PELUQUER\u00cdA UNISEX<\/p>\n \t\t\t             \n        <\/div>\n                <div class=\"establecimiento c2  \">\n            <h2 class=\"nombre\"><span class=\"upper\">PERFUMERIAS TINTIN <\/span>  <\/h2>\n            <h3 class=\"categoria\"><span>\n                BELLESA I CURA PERSONAL \/ BELLEZA Y CUIDADO PERSONAL                             <\/span><\/h3>\n           <div class=\"imagen\" style=\"background-image:url(https:\/\/app.calvialovale.com\/contenidoDinamico\/ComerciosFicheros\/A07190044-D90C9DB8-AC2E-A8F0-239C-405FED69BB54.jpg)\"><\/div>\n            <p class=\"direccion\"><a target=\"_blank\" href=\"https:\/\/www.google.com\/maps\/search\/PERFUMERIAS+TINTIN+%2C+Paseo+del+Mar+n%C2%BA5+Palmanova%2C+07181\">\n                    <i class=\"fb-icon-element-3 fb-icon-element fontawesome-icon fa-map-marker-alt fas circle-yes\"><\/i>\n                    Paseo del Mar n\u00ba5 Palmanova<\/a>\n            <\/p>\n            <p class=\"descripcion\">Perfumer\u00eda y cosm\u00e9tica <\/p>\n \t\t\t             \n        <\/div>\n                <div class=\"establecimiento c2  \">\n            <h2 class=\"nombre\"><span class=\"upper\">PERFUMERIAS TINTIN <\/span>  <\/h2>\n            <h3 class=\"categoria\"><span>\n                BELLESA I CURA PERSONAL \/ BELLEZA Y CUIDADO PERSONAL                             <\/span><\/h3>\n           <div class=\"imagen\" style=\"background-image:url(https:\/\/app.calvialovale.com\/contenidoDinamico\/ComerciosFicheros\/A07190044-FB38A5C8-0A3B-BC89-841D-78B64D5B2D7C.jpg)\"><\/div>\n            <p class=\"direccion\"><a target=\"_blank\" href=\"https:\/\/www.google.com\/maps\/search\/PERFUMERIAS+TINTIN+%2C+Avda+Paguera+41+Local+1+%2C+07160\">\n                    <i class=\"fb-icon-element-3 fb-icon-element fontawesome-icon fa-map-marker-alt fas circle-yes\"><\/i>\n                    Avda Paguera 41 Local 1 <\/a>\n            <\/p>\n            <p class=\"descripcion\">Perfumer\u00eda y cosm\u00e9tica <\/p>\n \t\t\t             \n        <\/div>\n                <div class=\"establecimiento c2  \">\n            <h2 class=\"nombre\"><span class=\"upper\">PERFUMES EDEN<\/span>  <\/h2>\n            <h3 class=\"categoria\"><span>\n                BELLESA I CURA PERSONAL \/ BELLEZA Y CUIDADO PERSONAL                             <\/span><\/h3>\n           <div class=\"imagen\" style=\"background-image:url(https:\/\/app.calvialovale.com\/contenidoDinamico\/ComerciosFicheros\/A07170616-853F8AFE-FDDC-BF96-E54F-DC6230E7EC3D.png)\"><\/div>\n            <p class=\"direccion\"><a target=\"_blank\" href=\"https:\/\/www.google.com\/maps\/search\/PERFUMES+EDEN%2C+C%2F+PLA%C3%87A+SANTA+PONSA+N%C2%BA5%2C+07180\">\n                    <i class=\"fb-icon-element-3 fb-icon-element fontawesome-icon fa-map-marker-alt fas circle-yes\"><\/i>\n                    C\/ PLA\u00c7A SANTA PONSA N\u00ba5<\/a>\n            <\/p>\n            <p class=\"descripcion\">COMERCIO AL POR MENOR DE PRODUCTOS DE PERFUMERIA Y COSMETICA<\/p>\n \t\t\t             \n        <\/div>\n                <div class=\"establecimiento c19  \">\n            <h2 class=\"nombre\"><span class=\"upper\">Pluto<\/span>  <\/h2>\n            <h3 class=\"categoria\"><span>\n                MASCOTES \/ MASCOTAS                            <\/span><\/h3>\n           <div class=\"imagen\" style=\"background-image:url(https:\/\/app.calvialovale.com\/contenidoDinamico\/ComerciosFicheros\/X3211169R-93EEBFCC-B864-7532-14F7-98E4B912EF1C.jpg)\"><\/div>\n            <p class=\"direccion\"><a target=\"_blank\" href=\"https:\/\/www.google.com\/maps\/search\/Pluto%2C+Cale+Gran+Via+31A%2C+local+bajo+derecha%2C+07180\">\n                    <i class=\"fb-icon-element-3 fb-icon-element fontawesome-icon fa-map-marker-alt fas circle-yes\"><\/i>\n                    Cale Gran Via 31A, local bajo derecha<\/a>\n            <\/p>\n            <p class=\"descripcion\">Tienda de animales (accesorios y comida)  y peluquer\u00eda canina<\/p>\n \t\t\t             \n        <\/div>\n                <div class=\"establecimiento c21  \">\n            <h2 class=\"nombre\"><span class=\"upper\">PRITHVI MODA<\/span>  <\/h2>\n            <h3 class=\"categoria\"><span>\n                MODA I COMPLEMENTS \/ MODA Y COMPLEMENTOS                            <\/span><\/h3>\n           <div class=\"imagen\" style=\"background-image:url(https:\/\/app.calvialovale.com\/contenidoDinamico\/ComerciosFicheros\/43198388H-F3E2D7B4-E144-B196-39B2-61E0F3ABB363.jpg)\"><\/div>\n            <p class=\"direccion\"><a target=\"_blank\" href=\"https:\/\/www.google.com\/maps\/search\/PRITHVI+MODA%2C+Av+Puig+Galatzo+20+Local+7+Santa+Pon%C3%A7a%2C+07180\">\n                    <i class=\"fb-icon-element-3 fb-icon-element fontawesome-icon fa-map-marker-alt fas circle-yes\"><\/i>\n                    Av Puig Galatzo 20 Local 7 Santa Pon\u00e7a<\/a>\n            <\/p>\n            <p class=\"descripcion\">Tienda de moda y complementos de hombre, <\/p>\n \t\t\t             \n        <\/div>\n                <div class=\"establecimiento c1  \">\n            <h2 class=\"nombre\"><span class=\"upper\">Restaurante Casa Garcia's<\/span>  <\/h2>\n            <h3 class=\"categoria\"><span>\n                ALIMENTACI\u00d3 \/ ALIMENTACI\u00d3N                            <\/span><\/h3>\n           <div class=\"imagen\" style=\"background-image:url(https:\/\/app.calvialovale.com\/contenidoDinamico\/ComerciosFicheros\/B57047680-9CF5222D-4979-628F-D12D-534FB97D7D89.jpeg)\"><\/div>\n            <p class=\"direccion\"><a target=\"_blank\" href=\"https:\/\/www.google.com\/maps\/search\/Restaurante+Casa+Garcia%27s%2C+Calle+Greco+n%C2%BA6+Local+3+Magaluf%2C+07181\">\n                    <i class=\"fb-icon-element-3 fb-icon-element fontawesome-icon fa-map-marker-alt fas circle-yes\"><\/i>\n                    Calle Greco n\u00ba6 Local 3 Magaluf<\/a>\n            <\/p>\n            <p class=\"descripcion\">Restaurante Casa Garc\u00eda\u2019s es un acogedor local de cocina espa\u00f1ola y mallorquina tradicional. Destaca por su ambiente familiar, su trato amable y una carta variada con tapas, carnes, pescados y arroces elaborados con productos locales. Es un sitio ideal pa<\/p>\n \t\t\t             \n        <\/div>\n                <div class=\"establecimiento c15  \">\n            <h2 class=\"nombre\"><span class=\"upper\">ROYAL PAOLA<\/span>  <\/h2>\n            <h3 class=\"categoria\"><span>\n                JOIES I BIJUTERIA \/ JOYAS Y BISUTERIA                            <\/span><\/h3>\n           <div class=\"imagen\" style=\"background-image:url(https:\/\/app.calvialovale.com\/contenidoDinamico\/ComerciosFicheros\/A07453491-3CF18AF9-C7E3-4D51-C5AA-6B4F38E1FCEC.jpg)\"><\/div>\n            <p class=\"direccion\"><a target=\"_blank\" href=\"https:\/\/www.google.com\/maps\/search\/ROYAL+PAOLA%2C+JAIME+I+105%2C+07180\">\n                    <i class=\"fb-icon-element-3 fb-icon-element fontawesome-icon fa-map-marker-alt fas circle-yes\"><\/i>\n                    JAIME I 105<\/a>\n            <\/p>\n            <p class=\"descripcion\">JOYERIA Y RELOJERIA<\/p>\n \t\t\t             \n        <\/div>\n                <div class=\"establecimiento c15  \">\n            <h2 class=\"nombre\"><span class=\"upper\">ROYAL PAOLA<\/span>  <\/h2>\n            <h3 class=\"categoria\"><span>\n                JOIES I BIJUTERIA \/ JOYAS Y BISUTERIA                            <\/span><\/h3>\n           <div class=\"imagen\" style=\"background-image:url(https:\/\/app.calvialovale.com\/contenidoDinamico\/ComerciosFicheros\/43115436G-AB3E7E2D-2F58-9AF9-B04E-0A549B5A07D4.jpg)\"><\/div>\n            <p class=\"direccion\"><a target=\"_blank\" href=\"https:\/\/www.google.com\/maps\/search\/ROYAL+PAOLA%2C+AVDA.+MAGALLUF+8+%2C+07181\">\n                    <i class=\"fb-icon-element-3 fb-icon-element fontawesome-icon fa-map-marker-alt fas circle-yes\"><\/i>\n                    AVDA. MAGALLUF 8 <\/a>\n            <\/p>\n            <p class=\"descripcion\">JOYERIA Y RELOJERIA<\/p>\n \t\t\t             \n        <\/div>\n                <div class=\"establecimiento c15  \">\n            <h2 class=\"nombre\"><span class=\"upper\">ROYAL PAOLA <\/span>  <\/h2>\n            <h3 class=\"categoria\"><span>\n                JOIES I BIJUTERIA \/ JOYAS Y BISUTERIA                            <\/span><\/h3>\n           <div class=\"imagen\" style=\"background-image:url(https:\/\/app.calvialovale.com\/contenidoDinamico\/ComerciosFicheros\/E07884828-448792B4-D655-CB7C-FE58-F4E59C0F1E6E.jpg)\"><\/div>\n            <p class=\"direccion\"><a target=\"_blank\" href=\"https:\/\/www.google.com\/maps\/search\/ROYAL+PAOLA+%2C+AVDA+PAGUERA+68%2C+07160\">\n                    <i class=\"fb-icon-element-3 fb-icon-element fontawesome-icon fa-map-marker-alt fas circle-yes\"><\/i>\n                    AVDA PAGUERA 68<\/a>\n            <\/p>\n            <p class=\"descripcion\">JOYERIA Y RELOJERIA<\/p>\n \t\t\t             \n        <\/div>\n                <div class=\"establecimiento c15  \">\n            <h2 class=\"nombre\"><span class=\"upper\">ROYAL PAOLA<\/span>  <\/h2>\n            <h3 class=\"categoria\"><span>\n                JOIES I BIJUTERIA \/ JOYAS Y BISUTERIA                            <\/span><\/h3>\n           <div class=\"imagen\" style=\"background-image:url(https:\/\/app.calvialovale.com\/contenidoDinamico\/ComerciosFicheros\/43074210V-9A855AE0-DBCE-0B61-BDBF-15478B8CCAD5.jpg)\"><\/div>\n            <p class=\"direccion\"><a target=\"_blank\" href=\"https:\/\/www.google.com\/maps\/search\/ROYAL+PAOLA%2C+CALLE+DEL+MAR+N%C2%BA+5%2C+07181\">\n                    <i class=\"fb-icon-element-3 fb-icon-element fontawesome-icon fa-map-marker-alt fas circle-yes\"><\/i>\n                    CALLE DEL MAR N\u00ba 5<\/a>\n            <\/p>\n            <p class=\"descripcion\">JOYERIA Y RELOJERIA<\/p>\n \t\t\t             \n        <\/div>\n                <div class=\"establecimiento c2  \">\n            <h2 class=\"nombre\"><span class=\"upper\">Sal\u00f3n de Belleza RocioRM <\/span>  <\/h2>\n            <h3 class=\"categoria\"><span>\n                BELLESA I CURA PERSONAL \/ BELLEZA Y CUIDADO PERSONAL                             <\/span><\/h3>\n           <div class=\"imagen\" style=\"background-image:url(https:\/\/app.calvialovale.com\/contenidoDinamico\/ComerciosFicheros\/43162779j-4B96622B-F889-B910-6A81-F696B32970D3.jpg)\"><\/div>\n            <p class=\"direccion\"><a target=\"_blank\" href=\"https:\/\/www.google.com\/maps\/search\/Sal%C3%B3n+de+Belleza+RocioRM+%2C+Avda+notario+Alemany+n%C3%BAmero+2+local+21+magaluf+%2C+07181\">\n                    <i class=\"fb-icon-element-3 fb-icon-element fontawesome-icon fa-map-marker-alt fas circle-yes\"><\/i>\n                    Avda notario Alemany n\u00famero 2 local 21 magaluf <\/a>\n            <\/p>\n            <p class=\"descripcion\">Sal\u00f3n de maquillaje, manicura, tratamiento facial, pesta\u00f1as <\/p>\n \t\t\t             \n        <\/div>\n                <div class=\"establecimiento c2  \">\n            <h2 class=\"nombre\"><span class=\"upper\">SANTA PONSA HEALTH & BEAUTY SL <\/span>  <\/h2>\n            <h3 class=\"categoria\"><span>\n                BELLESA I CURA PERSONAL \/ BELLEZA Y CUIDADO PERSONAL                             <\/span><\/h3>\n           <div class=\"imagen\" style=\"background-image:url(https:\/\/app.calvialovale.com\/contenidoDinamico\/ComerciosFicheros\/B22765812-A2F7FD05-6BAA-82C9-ABB3-5B11FFAFF357.jpeg)\"><\/div>\n            <p class=\"direccion\"><a target=\"_blank\" href=\"https:\/\/www.google.com\/maps\/search\/SANTA+PONSA+HEALTH+%26+BEAUTY+SL+%2C+AVDA+JAUME+I+NUMERO+117+LOCAL+18%2C+07180\">\n                    <i class=\"fb-icon-element-3 fb-icon-element fontawesome-icon fa-map-marker-alt fas circle-yes\"><\/i>\n                    AVDA JAUME I NUMERO 117 LOCAL 18<\/a>\n            <\/p>\n            <p class=\"descripcion\">Cl\u00ednica de medicina est\u00e9tica, cosmetolog\u00eda, tricolog\u00eda y trasplante capilar.<\/p>\n \t\t\t             \n        <\/div>\n                <div class=\"establecimiento c2  \">\n            <h2 class=\"nombre\"><span class=\"upper\">Silvia Casco Estilista<\/span>  <\/h2>\n            <h3 class=\"categoria\"><span>\n                BELLESA I CURA PERSONAL \/ BELLEZA Y CUIDADO PERSONAL                             <\/span><\/h3>\n           <div class=\"imagen\" style=\"background-image:url(https:\/\/app.calvialovale.com\/contenidoDinamico\/ComerciosFicheros\/54873425W-2173CC3F-EB48-CDF9-B49E-CA623589C7B8.jpg)\"><\/div>\n            <p class=\"direccion\"><a target=\"_blank\" href=\"https:\/\/www.google.com\/maps\/search\/Silvia+Casco+Estilista%2C+Paseo+del+Mar+36%2C+Galer%C3%ADa+Vista+Mar+local+16%2C+Palmanova%2C+07181\">\n                    <i class=\"fb-icon-element-3 fb-icon-element fontawesome-icon fa-map-marker-alt fas circle-yes\"><\/i>\n                    Paseo del Mar 36, Galer\u00eda Vista Mar local 16, Palmanova<\/a>\n            <\/p>\n            <p class=\"descripcion\">Sal\u00f3n Org\u00e1nico, donde cada detalla est\u00e1 pensado para que vivas una experiencia de belleza consciente. Cuidamos tu cabello con productos veganos, t\u00e9cnicas personalizadas y rituales que despiertan su salud, brillo y armon\u00eda.<\/p>\n \t\t\t             \n        <\/div>\n                <div class=\"establecimiento c2  \">\n            <h2 class=\"nombre\"><span class=\"upper\">Singular Salon <\/span>  <\/h2>\n            <h3 class=\"categoria\"><span>\n                BELLESA I CURA PERSONAL \/ BELLEZA Y CUIDADO PERSONAL                             <\/span><\/h3>\n           <div class=\"imagen\" style=\"background-image:url(https:\/\/app.calvialovale.com\/contenidoDinamico\/ComerciosFicheros\/55230517L-130CE401-ECE7-D6A8-787D-6FF6F11B3CF1.jpg)\"><\/div>\n            <p class=\"direccion\"><a target=\"_blank\" href=\"https:\/\/www.google.com\/maps\/search\/Singular+Salon+%2C+Carrer+Voranova+4+local+2+%2C+07181\">\n                    <i class=\"fb-icon-element-3 fb-icon-element fontawesome-icon fa-map-marker-alt fas circle-yes\"><\/i>\n                    Carrer Voranova 4 local 2 <\/a>\n            <\/p>\n            <p class=\"descripcion\">Peluquer\u00eda <\/p>\n \t\t\t             \n        <\/div>\n                <div class=\"establecimiento c6  \">\n            <h2 class=\"nombre\"><span class=\"upper\">SPORTING STORE PALMANOVA<\/span>  <\/h2>\n            <h3 class=\"categoria\"><span>\n                ESPORTS \/ DEPORTES                            <\/span><\/h3>\n           <div class=\"imagen\" style=\"background-image:url(https:\/\/app.calvialovale.com\/contenidoDinamico\/ComerciosFicheros\/B57769788-24C29FF7-082D-E7D9-F9AC-E2F3D6320EA5.jpg)\"><\/div>\n            <p class=\"direccion\"><a target=\"_blank\" href=\"https:\/\/www.google.com\/maps\/search\/SPORTING+STORE+PALMANOVA%2C+AV+DE+LA+PLAYA+N%C2%BA7+LOCAL+23-24%2C+07181\">\n                    <i class=\"fb-icon-element-3 fb-icon-element fontawesome-icon fa-map-marker-alt fas circle-yes\"><\/i>\n                    AV DE LA PLAYA N\u00ba7 LOCAL 23-24<\/a>\n            <\/p>\n            <p class=\"descripcion\">TIENDA DEPORTIVA TENIS, PADEL Y ATLETISMO<\/p>\n \t\t\t             \n        <\/div>\n                <div class=\"establecimiento c21  \">\n            <h2 class=\"nombre\"><span class=\"upper\">STOP PALMANOVA<\/span>  <\/h2>\n            <h3 class=\"categoria\"><span>\n                MODA I COMPLEMENTS \/ MODA Y COMPLEMENTOS                            <\/span><\/h3>\n           <div class=\"imagen\" style=\"background-image:url(https:\/\/app.calvialovale.com\/contenidoDinamico\/ComerciosFicheros\/B57192601-E4EC0C2F-EC2A-CE74-9CFA-B83AE2F5D493.jpg)\"><\/div>\n            <p class=\"direccion\"><a target=\"_blank\" href=\"https:\/\/www.google.com\/maps\/search\/STOP+PALMANOVA%2C+PASEO+DEL+MAR+46%2C+LOCAL+2%2C+07181\">\n                    <i class=\"fb-icon-element-3 fb-icon-element fontawesome-icon fa-map-marker-alt fas circle-yes\"><\/i>\n                    PASEO DEL MAR 46, LOCAL 2<\/a>\n            <\/p>\n            <p class=\"descripcion\">Ropa casual y calzado<\/p>\n \t\t\t             \n        <\/div>\n                <div class=\"establecimiento c2  \">\n            <h2 class=\"nombre\"><span class=\"upper\">STYLE AT MALLORCA<\/span>  <\/h2>\n            <h3 class=\"categoria\"><span>\n                BELLESA I CURA PERSONAL \/ BELLEZA Y CUIDADO PERSONAL                             <\/span><\/h3>\n           <div class=\"imagen\" style=\"background-image:url(https:\/\/app.calvialovale.com\/contenidoDinamico\/ComerciosFicheros\/ES60410743R-4A8978AA-6406-F45A-CB25-98925CBBFF47.jpg)\"><\/div>\n            <p class=\"direccion\"><a target=\"_blank\" href=\"https:\/\/www.google.com\/maps\/search\/STYLE+AT+MALLORCA%2C+avenida+Cas+Saboners+1.+Local+4%2C+07181\">\n                    <i class=\"fb-icon-element-3 fb-icon-element fontawesome-icon fa-map-marker-alt fas circle-yes\"><\/i>\n                    avenida Cas Saboners 1. Local 4<\/a>\n            <\/p>\n            <p class=\"descripcion\">PELUQUERIA UNISEX tienda articulos y productos de belleza<\/p>\n \t\t\t             \n        <\/div>\n                <div class=\"establecimiento c21  \">\n            <h2 class=\"nombre\"><span class=\"upper\">THALASSA CLOTHES SHOP<\/span>  <\/h2>\n            <h3 class=\"categoria\"><span>\n                MODA I COMPLEMENTS \/ MODA Y COMPLEMENTOS                            <\/span><\/h3>\n           <div class=\"imagen\" style=\"background-image:url(https:\/\/app.calvialovale.com\/contenidoDinamico\/ComerciosFicheros\/49613453S-AB66380C-D4D5-25DD-B038-AA50C2FFA790.jpg)\"><\/div>\n            <p class=\"direccion\"><a target=\"_blank\" href=\"https:\/\/www.google.com\/maps\/search\/THALASSA+CLOTHES+SHOP%2C+CL+ZARAGOZA%2C+1+LOCAL+7+SON+CALIU+%2C+07181+\">\n                    <i class=\"fb-icon-element-3 fb-icon-element fontawesome-icon fa-map-marker-alt fas circle-yes\"><\/i>\n                    CL ZARAGOZA, 1 LOCAL 7 SON CALIU <\/a>\n            <\/p>\n            <p class=\"descripcion\">TIENDA ROPA MUJER Y COMPLEMENTOS <\/p>\n \t\t\t             \n        <\/div>\n                <div class=\"establecimiento c13  \">\n            <h2 class=\"nombre\"><span class=\"upper\">TRENDS HOME Calvi\u00e1<\/span>  <\/h2>\n            <h3 class=\"categoria\"><span>\n                LLAR \/ HOGAR                            <\/span><\/h3>\n           <div class=\"imagen\" style=\"background-image:url(https:\/\/app.calvialovale.com\/contenidoDinamico\/ComerciosFicheros\/B57968141-83D8943C-C592-58DB-865D-4D66D6EBFFD7.jpg)\"><\/div>\n            <p class=\"direccion\"><a target=\"_blank\" href=\"https:\/\/www.google.com\/maps\/search\/TRENDS+HOME+Calvi%C3%A1%2C+C%2FValencia%2C+47%2C+07180\">\n                    <i class=\"fb-icon-element-3 fb-icon-element fontawesome-icon fa-map-marker-alt fas circle-yes\"><\/i>\n                    C\/Valencia, 47<\/a>\n            <\/p>\n            <p class=\"descripcion\">Trends Home es una tienda especializada en muebles de dise\u00f1o, decoraci\u00f3n y menaje para el hogar, con m\u00e1s de 20 a\u00f1os de experiencia en el sector. Ofrece una amplia gama de productos de alta calidad, incluyendo mesas de comedor, sof\u00e1s, cuadros modernos y ac<\/p>\n \t\t\t             \n        <\/div>\n                <div class=\"establecimiento c27  \">\n            <h2 class=\"nombre\"><span class=\"upper\">TSUNAMI GIFTS<\/span>  <\/h2>\n            <h3 class=\"categoria\"><span>\n                REGALS \/ REGALOS                            <\/span><\/h3>\n           <div class=\"imagen\" style=\"background-image:url(https:\/\/app.calvialovale.com\/contenidoDinamico\/ComerciosFicheros\/B57182743-5A104AF6-0197-0455-F9D2-99F2FD15AD51.jpg)\"><\/div>\n            <p class=\"direccion\"><a target=\"_blank\" href=\"https:\/\/www.google.com\/maps\/search\/TSUNAMI+GIFTS%2C+CALLE+PASEO+DEL+MAR+N%C2%BA+8%2C+07181\">\n                    <i class=\"fb-icon-element-3 fb-icon-element fontawesome-icon fa-map-marker-alt fas circle-yes\"><\/i>\n                    CALLE PASEO DEL MAR N\u00ba 8<\/a>\n            <\/p>\n            <p class=\"descripcion\">SOUVENIR Y ARTICULO DE REGALOS<\/p>\n \t\t\t             \n        <\/div>\n                <div class=\"establecimiento c2  \">\n            <h2 class=\"nombre\"><span class=\"upper\">X Nails Palmanova<\/span>  <\/h2>\n            <h3 class=\"categoria\"><span>\n                BELLESA I CURA PERSONAL \/ BELLEZA Y CUIDADO PERSONAL                             <\/span><\/h3>\n           <div class=\"imagen\" style=\"background-image:url(https:\/\/app.calvialovale.com\/contenidoDinamico\/ComerciosFicheros\/y3188161f-73530A1E-4150-542F-245E-AF21C4F7833F.jpg)\"><\/div>\n            <p class=\"direccion\"><a target=\"_blank\" href=\"https:\/\/www.google.com\/maps\/search\/X+Nails+Palmanova%2C+paseo+del+Mar+5+local+4%2C+07181\">\n                    <i class=\"fb-icon-element-3 fb-icon-element fontawesome-icon fa-map-marker-alt fas circle-yes\"><\/i>\n                    paseo del Mar 5 local 4<\/a>\n            <\/p>\n            <p class=\"descripcion\">Manicura,pedicura,masaje,Hair spa \u2026etc<\/p>\n \t\t\t             \n        <\/div>\n                <div class=\"establecimiento c2  \">\n            <h2 class=\"nombre\"><span class=\"upper\">Yeray cabezuelo estilista<\/span>  <\/h2>\n            <h3 class=\"categoria\"><span>\n                BELLESA I CURA PERSONAL \/ BELLEZA Y CUIDADO PERSONAL                             <\/span><\/h3>\n           <div class=\"imagen\" style=\"background-image:url(https:\/\/app.calvialovale.com\/contenidoDinamico\/ComerciosFicheros\/43201387G-FF651B52-7343-7CA0-1D1A-0E2E464B9BA5.jpg)\"><\/div>\n            <p class=\"direccion\"><a target=\"_blank\" href=\"https:\/\/www.google.com\/maps\/search\/Yeray+cabezuelo+estilista%2C+Calle+gran+V%C3%ADa+Puig+des+teix+15%2C+07180\">\n                    <i class=\"fb-icon-element-3 fb-icon-element fontawesome-icon fa-map-marker-alt fas circle-yes\"><\/i>\n                    Calle gran V\u00eda Puig des teix 15<\/a>\n            <\/p>\n            <p class=\"descripcion\">Peluquer\u00eda unisex , productos org\u00e1nicos y coloracion org\u00e1nica y sin amoniaco <\/p>\n \t\t\t             \n        <\/div>\n        <\/div><div class='total' style='margin:30px 5px'>Total: 62<\/div><\/div><style type=\"text\/css\">.fusion-body .fusion-builder-column-0{width:100% !important;margin-top : 0px;margin-bottom : 0px;}.fusion-builder-column-0 > .fusion-column-wrapper {padding-top : 0px !important;padding-right : 0px !important;margin-right : 1.92%;padding-bottom : 0px !important;padding-left : 0px !important;margin-left : 1.92%;}@media only screen and (max-width:1024px) {.fusion-body .fusion-builder-column-0{width:100% !important;order : 0;}.fusion-builder-column-0 > .fusion-column-wrapper {margin-right : 1.92%;margin-left : 1.92%;}}@media only screen and (max-width:640px) {.fusion-body .fusion-builder-column-0{width:100% !important;order : 0;}.fusion-builder-column-0 > .fusion-column-wrapper {margin-right : 1.92%;margin-left : 1.92%;}}<\/style><\/div><\/div><style type=\"text\/css\">.fusion-body .fusion-flex-container.fusion-builder-row-1{ padding-top : 0px;margin-top : 0px;padding-right : 0px;padding-bottom : 0px;margin-bottom : 0px;padding-left : 0px;}<\/style><\/div>\n","protected":false},"excerpt":{"rendered":"","protected":false},"author":1,"featured_media":0,"parent":0,"menu_order":0,"comment_status":"closed","ping_status":"closed","template":"","meta":{"footnotes":""},"class_list":["post-3361","page","type-page","status-publish","hentry"],"yoast_head":"<!-- This site is optimized with the Yoast SEO plugin v26.5 - https:\/\/yoast.com\/wordpress\/plugins\/seo\/ -->\n<title>Establecimientos adheridos - Bons Calvi\u00e0<\/title>\n<meta name=\"robots\" content=\"index, follow, max-snippet:-1, max-image-preview:large, max-video-preview:-1\" \/>\n<link rel=\"canonical\" href=\"https:\/\/calvialovale.com\/es\/establecimientos-adheridos\/\" \/>\n<meta property=\"og:locale\" content=\"es_ES\" \/>\n<meta property=\"og:type\" content=\"article\" \/>\n<meta property=\"og:title\" content=\"Establecimientos adheridos - Bons Calvi\u00e0\" \/>\n<meta property=\"og:url\" content=\"https:\/\/calvialovale.com\/es\/establecimientos-adheridos\/\" \/>\n<meta property=\"og:site_name\" content=\"Bons Calvi\u00e0\" \/>\n<meta property=\"article:modified_time\" content=\"2025-12-03T08:11:25+00:00\" \/>\n<meta name=\"twitter:card\" content=\"summary_large_image\" \/>\n<meta name=\"twitter:label1\" content=\"Tiempo de lectura\" \/>\n\t<meta name=\"twitter:data1\" content=\"4 minutos\" \/>\n<script type=\"application\/ld+json\" class=\"yoast-schema-graph\">{\"@context\":\"https:\/\/schema.org\",\"@graph\":[{\"@type\":\"WebPage\",\"@id\":\"https:\/\/calvialovale.com\/es\/establecimientos-adheridos\/\",\"url\":\"https:\/\/calvialovale.com\/es\/establecimientos-adheridos\/\",\"name\":\"Establecimientos adheridos - Bons Calvi\u00e0\",\"isPartOf\":{\"@id\":\"https:\/\/calvialovale.com\/es\/#website\"},\"datePublished\":\"2023-03-31T08:05:40+00:00\",\"dateModified\":\"2025-12-03T08:11:25+00:00\",\"breadcrumb\":{\"@id\":\"https:\/\/calvialovale.com\/es\/establecimientos-adheridos\/#breadcrumb\"},\"inLanguage\":\"es\",\"potentialAction\":[{\"@type\":\"ReadAction\",\"target\":[\"https:\/\/calvialovale.com\/es\/establecimientos-adheridos\/\"]}]},{\"@type\":\"BreadcrumbList\",\"@id\":\"https:\/\/calvialovale.com\/es\/establecimientos-adheridos\/#breadcrumb\",\"itemListElement\":[{\"@type\":\"ListItem\",\"position\":1,\"name\":\"Portada\",\"item\":\"https:\/\/calvialovale.com\/es\/\"},{\"@type\":\"ListItem\",\"position\":2,\"name\":\"Establecimientos adheridos\"}]},{\"@type\":\"WebSite\",\"@id\":\"https:\/\/calvialovale.com\/es\/#website\",\"url\":\"https:\/\/calvialovale.com\/es\/\",\"name\":\"Bons Calvi\u00e0\",\"description\":\"Apoya al comercio y restauraci\u00f3n de Alc\u00fadia\",\"publisher\":{\"@id\":\"https:\/\/calvialovale.com\/es\/#organization\"},\"potentialAction\":[{\"@type\":\"SearchAction\",\"target\":{\"@type\":\"EntryPoint\",\"urlTemplate\":\"https:\/\/calvialovale.com\/es\/?s={search_term_string}\"},\"query-input\":{\"@type\":\"PropertyValueSpecification\",\"valueRequired\":true,\"valueName\":\"search_term_string\"}}],\"inLanguage\":\"es\"},{\"@type\":\"Organization\",\"@id\":\"https:\/\/calvialovale.com\/es\/#organization\",\"name\":\"Bons Calvi\u00e0\",\"url\":\"https:\/\/calvialovale.com\/es\/\",\"logo\":{\"@type\":\"ImageObject\",\"inLanguage\":\"es\",\"@id\":\"https:\/\/calvialovale.com\/es\/#\/schema\/logo\/image\/\",\"url\":\"https:\/\/calvialovale.com\/wp-content\/uploads\/2023\/03\/400x175.png\",\"contentUrl\":\"https:\/\/calvialovale.com\/wp-content\/uploads\/2023\/03\/400x175.png\",\"width\":400,\"height\":175,\"caption\":\"Bons Calvi\u00e0\"},\"image\":{\"@id\":\"https:\/\/calvialovale.com\/es\/#\/schema\/logo\/image\/\"}}]}<\/script>\n<!-- \/ Yoast SEO plugin. -->","yoast_head_json":{"title":"Establecimientos adheridos - Bons Calvi\u00e0","robots":{"index":"index","follow":"follow","max-snippet":"max-snippet:-1","max-image-preview":"max-image-preview:large","max-video-preview":"max-video-preview:-1"},"canonical":"https:\/\/calvialovale.com\/es\/establecimientos-adheridos\/","og_locale":"es_ES","og_type":"article","og_title":"Establecimientos adheridos - Bons Calvi\u00e0","og_url":"https:\/\/calvialovale.com\/es\/establecimientos-adheridos\/","og_site_name":"Bons Calvi\u00e0","article_modified_time":"2025-12-03T08:11:25+00:00","twitter_card":"summary_large_image","twitter_misc":{"Tiempo de lectura":"4 minutos"},"schema":{"@context":"https:\/\/schema.org","@graph":[{"@type":"WebPage","@id":"https:\/\/calvialovale.com\/es\/establecimientos-adheridos\/","url":"https:\/\/calvialovale.com\/es\/establecimientos-adheridos\/","name":"Establecimientos adheridos - Bons Calvi\u00e0","isPartOf":{"@id":"https:\/\/calvialovale.com\/es\/#website"},"datePublished":"2023-03-31T08:05:40+00:00","dateModified":"2025-12-03T08:11:25+00:00","breadcrumb":{"@id":"https:\/\/calvialovale.com\/es\/establecimientos-adheridos\/#breadcrumb"},"inLanguage":"es","potentialAction":[{"@type":"ReadAction","target":["https:\/\/calvialovale.com\/es\/establecimientos-adheridos\/"]}]},{"@type":"BreadcrumbList","@id":"https:\/\/calvialovale.com\/es\/establecimientos-adheridos\/#breadcrumb","itemListElement":[{"@type":"ListItem","position":1,"name":"Portada","item":"https:\/\/calvialovale.com\/es\/"},{"@type":"ListItem","position":2,"name":"Establecimientos adheridos"}]},{"@type":"WebSite","@id":"https:\/\/calvialovale.com\/es\/#website","url":"https:\/\/calvialovale.com\/es\/","name":"Bons Calvi\u00e0","description":"Apoya al comercio y restauraci\u00f3n de Alc\u00fadia","publisher":{"@id":"https:\/\/calvialovale.com\/es\/#organization"},"potentialAction":[{"@type":"SearchAction","target":{"@type":"EntryPoint","urlTemplate":"https:\/\/calvialovale.com\/es\/?s={search_term_string}"},"query-input":{"@type":"PropertyValueSpecification","valueRequired":true,"valueName":"search_term_string"}}],"inLanguage":"es"},{"@type":"Organization","@id":"https:\/\/calvialovale.com\/es\/#organization","name":"Bons Calvi\u00e0","url":"https:\/\/calvialovale.com\/es\/","logo":{"@type":"ImageObject","inLanguage":"es","@id":"https:\/\/calvialovale.com\/es\/#\/schema\/logo\/image\/","url":"https:\/\/calvialovale.com\/wp-content\/uploads\/2023\/03\/400x175.png","contentUrl":"https:\/\/calvialovale.com\/wp-content\/uploads\/2023\/03\/400x175.png","width":400,"height":175,"caption":"Bons Calvi\u00e0"},"image":{"@id":"https:\/\/calvialovale.com\/es\/#\/schema\/logo\/image\/"}}]}},"_links":{"self":[{"href":"https:\/\/calvialovale.com\/es\/wp-json\/wp\/v2\/pages\/3361","targetHints":{"allow":["GET"]}}],"collection":[{"href":"https:\/\/calvialovale.com\/es\/wp-json\/wp\/v2\/pages"}],"about":[{"href":"https:\/\/calvialovale.com\/es\/wp-json\/wp\/v2\/types\/page"}],"author":[{"embeddable":true,"href":"https:\/\/calvialovale.com\/es\/wp-json\/wp\/v2\/users\/1"}],"replies":[{"embeddable":true,"href":"https:\/\/calvialovale.com\/es\/wp-json\/wp\/v2\/comments?post=3361"}],"version-history":[{"count":6,"href":"https:\/\/calvialovale.com\/es\/wp-json\/wp\/v2\/pages\/3361\/revisions"}],"predecessor-version":[{"id":4010,"href":"https:\/\/calvialovale.com\/es\/wp-json\/wp\/v2\/pages\/3361\/revisions\/4010"}],"wp:attachment":[{"href":"https:\/\/calvialovale.com\/es\/wp-json\/wp\/v2\/media?parent=3361"}],"curies":[{"name":"wp","href":"https:\/\/api.w.org\/{rel}","templated":true}]}}